{"id":594,"date":"2021-11-27T12:58:21","date_gmt":"2021-11-27T12:58:21","guid":{"rendered":"https:\/\/forestfireprotection.com\/?page_id=588"},"modified":"2022-02-14T20:06:17","modified_gmt":"2022-02-14T20:06:17","slug":"parceiros","status":"publish","type":"page","link":"https:\/\/forestfireprotection.com\/pt\/parceiros\/","title":{"rendered":"Parceiros"},"content":{"rendered":"\n<p>Aqui est\u00e3o os parceiros do projecto Erasmus+ &#8220;<meta charset=\"utf-8\"><strong>Training for self-protection against forest fires in rural areas<\/strong>&#8221; com o n\u00famero de projecto <strong>2021-1-DE02-KA220-ADU-000028430<\/strong>.<\/p>\n\n\n\n<p><\/p>\n\n\n\n<div class=\"wp-block-media-text alignwide is-stacked-on-mobile\" style=\"grid-template-columns:18% auto\"><figure class=\"wp-block-media-text__media\"><a href=\"https:\/\/learningforyouth.com\" target=\"_blank\" rel=\"noopener\"><img decoding=\"async\" src=\"https:\/\/forestfireprotection.com\/pt\/wp-content\/themes\/veen\/assets\/images\/transparent.gif\" data-lazy=\"true\" data-src=\"https:\/\/forestfireprotection.com\/wp-content\/uploads\/2021\/11\/L4YBlack.png\" alt=\"\" class=\"wp-image-700 size-full\"\/><\/a><\/figure><div class=\"wp-block-media-text__content\">\n<p class=\"has-drop-cap\">L4Y Learning For Youth est\u00e1 a trabalhar no dom\u00ednio da juventude com os objectivos; para melhorar a sensibiliza\u00e7\u00e3o dos jovens para as tecnologias emergentes; para melhorar as compet\u00eancias dos jovens para empregos (futuros); para ajudar a resolver o problema de integra\u00e7\u00e3o dos refugiados, requerentes de asilo e imigrantes;<br><a href=\"https:\/\/learningforyouth.com\" target=\"_blank\" rel=\"noreferrer noopener nofollow\">Web<\/a> &#8211; <a href=\"https:\/\/www.facebook.com\/Learning4Youth\" target=\"_blank\" rel=\"noreferrer noopener nofollow\">Facebook<\/a> &#8211; <a href=\"https:\/\/twitter.com\/learning4youth\" target=\"_blank\" rel=\"noreferrer noopener nofollow\">Twitter<\/a> &#8211; <a href=\"https:\/\/instagram.com\/learning4youth\" target=\"_blank\" rel=\"noreferrer noopener nofollow\">Instagram<\/a> &#8211; <a href=\"https:\/\/www.youtube.com\/channel\/UCre-KOaa9c-s1M5bX6URv-g\" target=\"_blank\" rel=\"noreferrer noopener nofollow\">Youtube<\/a><\/p>\n<\/div><\/div>\n\n\n\n<div class=\"wp-block-media-text alignwide is-stacked-on-mobile\" style=\"grid-template-columns:18% auto\"><figure class=\"wp-block-media-text__media\"><a href=\"http:\/\/bosev.org\" target=\"_blank\" rel=\"noopener\"><img decoding=\"async\" src=\"https:\/\/forestfireprotection.com\/pt\/wp-content\/themes\/veen\/assets\/images\/transparent.gif\" data-lazy=\"true\" data-src=\"https:\/\/forestfireprotection.com\/wp-content\/uploads\/2021\/11\/bosev-logo-BUYUK-copy.png\" alt=\"\" class=\"wp-image-691 size-full\"\/><\/a><\/figure><div class=\"wp-block-media-text__content\">\n<p class=\"has-drop-cap\">Buyuk Ortadogu Saglik ve Egitim Vakfi (BOSEV, Research Foundation) de Ankara\/Turquia foi fundada como uma estrutura de c\u00fapula em 2009 por um grupo de profissionais que trabalham na \u00e1rea m\u00e9dica, al\u00e9m de outros sectores como a educa\u00e7\u00e3o, desporto, mundo empresarial, e TIC. A BOSEV visa apoiar o desenvolvimento da investiga\u00e7\u00e3o nos sectores da medicina e da educa\u00e7\u00e3o com a sua rica capacidade de pessoal e com uma forma\u00e7\u00e3o de alto n\u00edvel. Em rela\u00e7\u00e3o a este objectivo, a BOSEV acolhe publica\u00e7\u00f5es m\u00e9dicas com revistas m\u00e9dicas peri\u00f3dicas; tem 50 profissionais do conselho de administra\u00e7\u00e3o e 100 membros que prestam apoio volunt\u00e1rio cont\u00ednuo e variado; e transfere experi\u00eancia e capacidade de mais de 1000 funcion\u00e1rios que trabalham em hospitais, centros m\u00e9dicos, cl\u00ednicas e numa empresa de comunica\u00e7\u00e3o social da BOSEV. A nossa equipa concentra-se no desenvolvimento e introdu\u00e7\u00e3o de solu\u00e7\u00f5es para problemas sociais, educacionais e econ\u00f3micos sist\u00e9micos. Estas solu\u00e7\u00f5es s\u00e3o desenvolvidas atrav\u00e9s de v\u00e1rios n\u00edveis de interac\u00e7\u00e3o com as partes interessadas. Acreditamos que a qualidade de vida melhora quando o processo de inova\u00e7\u00e3o social \u00e9 alavancado para alcan\u00e7ar justi\u00e7a social, resolver problemas sist\u00e9micos e desenvolver solu\u00e7\u00f5es que possam proporcionar oportunidades para indiv\u00edduos e organiza\u00e7\u00f5es.<br><a href=\"http:\/\/bosev.org\" target=\"_blank\" rel=\"noreferrer noopener nofollow\">Web<\/a> &#8211; <a href=\"https:\/\/www.facebook.com\/bosevorg\" target=\"_blank\" rel=\"noreferrer noopener nofollow\">Facebook<\/a> &#8211; <a href=\"https:\/\/twitter.com\/bosevorg\" target=\"_blank\" rel=\"noreferrer noopener nofollow\">Twitter<\/a> &#8211; <a href=\"https:\/\/www.linkedin.com\/in\/bosev-370341178\/\" target=\"_blank\" rel=\"noreferrer noopener nofollow\">Linkedin<\/a> &#8211; <a href=\"https:\/\/www.instagram.com\/bosevvakfi\/\" target=\"_blank\" rel=\"noreferrer noopener nofollow\">Instagram<\/a><\/p>\n<\/div><\/div>\n\n\n\n<div class=\"wp-block-media-text alignwide is-stacked-on-mobile\" style=\"grid-template-columns:18% auto\"><figure class=\"wp-block-media-text__media\"><a href=\"https:\/\/www.growthcoop.eu\/\" target=\"_blank\" rel=\"noopener\"><img decoding=\"async\" src=\"https:\/\/forestfireprotection.com\/pt\/wp-content\/themes\/veen\/assets\/images\/transparent.gif\" data-lazy=\"true\" data-src=\"https:\/\/forestfireprotection.com\/wp-content\/uploads\/2021\/11\/logo-4-GrowthCoop-1024x256.jpg\" alt=\"\" class=\"wp-image-695 size-full\"\/><\/a><\/figure><div class=\"wp-block-media-text__content\">\n<p class=\"has-drop-cap\">GrowthCoop \u00e9 uma organiza\u00e7\u00e3o recente mas o seu membro tem uma longa experi\u00eancia em projectos europeus. A nossa paix\u00e3o \u00e9 desenvolver as aptid\u00f5es e compet\u00eancias das pessoas; acreditamos realmente que a base do desenvolvimento da nossa sociedade \u00e9 o desenvolvimento de pessoas e organiza\u00e7\u00f5es. Trabalhamos com pessoas de diferentes sectores e contextos econ\u00f3micos, promovendo a inclus\u00e3o social. A promo\u00e7\u00e3o de valores como o empreendedorismo social, inter-culturalmente, sustentabilidade, protec\u00e7\u00e3o ambiental, economia circular, e outros, far\u00e1 uma vida melhor para as nossas gera\u00e7\u00f5es futuras.<br><a href=\"https:\/\/www.growthcoop.eu\/\" target=\"_blank\" rel=\"noreferrer noopener nofollow\">Web<\/a> &#8211; <a href=\"https:\/\/www.facebook.com\/GrowthCoop\" target=\"_blank\" rel=\"noreferrer noopener nofollow\">Facebook<\/a><\/p>\n<\/div><\/div>\n\n\n\n<div class=\"wp-block-media-text alignwide is-stacked-on-mobile\" style=\"grid-template-columns:18% auto\"><figure class=\"wp-block-media-text__media\"><a href=\"https:\/\/www.citizensinpower.org\/\" target=\"_blank\" rel=\"noopener\"><img decoding=\"async\" src=\"https:\/\/forestfireprotection.com\/pt\/wp-content\/themes\/veen\/assets\/images\/transparent.gif\" data-lazy=\"true\" data-src=\"https:\/\/forestfireprotection.com\/wp-content\/uploads\/2021\/11\/cip-logo-1-1024x386.png\" alt=\"\" class=\"wp-image-720 size-full\"\/><\/a><\/figure><div class=\"wp-block-media-text__content\">\n<p class=\"has-drop-cap\">Citizens In Power (CIP) \u00e9 uma organiza\u00e7\u00e3o n\u00e3o governamental independente sem fins lucrativos de Chipre que responde \u00e0s necessidades e exig\u00eancias das pessoas atrav\u00e9s do seu envolvimento na vida social e c\u00edvica, fornecendo-lhes simultaneamente material inovador e forma\u00e7\u00e3o gratuita relacionada com uma variedade de campos, tais como educa\u00e7\u00e3o (incluindo a educa\u00e7\u00e3o em linha), inclus\u00e3o, empreendedorismo e neg\u00f3cios, cultura, mercado de trabalho e aprendizagem ao longo da vida.<br>O CIP visa principalmente o desenvolvimento da educa\u00e7\u00e3o, do empreendedorismo e da aprendizagem ao longo da vida em Chipre e no estrangeiro. Para atingir estes objectivos, a CIP tem uma colabora\u00e7\u00e3o cont\u00ednua com as principais universidades, escolas, ONGs e organiza\u00e7\u00f5es de investiga\u00e7\u00e3o em Chipre para o desenvolvimento de projectos, forma\u00e7\u00e3o e material educativo. O CIP mant\u00e9m uma valiosa rede de formadores profissionais e peritos em educa\u00e7\u00e3o com experi\u00eancia tanto no ensino formal como n\u00e3o formal.<\/p>\n\n\n\n<p><a href=\"https:\/\/www.citizensinpower.org\/\" target=\"_blank\" rel=\"noreferrer noopener nofollow\">Web<\/a> &#8211; <a href=\"https:\/\/www.facebook.com\/citizensinpower\" target=\"_blank\" rel=\"noreferrer noopener nofollow\">Facebook<\/a> &#8211; <a href=\"https:\/\/www.instagram.com\/citizensinpower\/\" target=\"_blank\" rel=\"noreferrer noopener nofollow\">Instagram<\/a> &#8211; <a href=\"https:\/\/www.youtube.com\/c\/CitizensInPower\" target=\"_blank\" rel=\"noreferrer noopener nofollow\">Youtube<\/a><\/p>\n<\/div><\/div>\n\n\n\n<div class=\"wp-block-media-text alignwide is-stacked-on-mobile\" style=\"grid-template-columns:18% auto\"><figure class=\"wp-block-media-text__media\"><img decoding=\"async\" src=\"https:\/\/forestfireprotection.com\/pt\/wp-content\/themes\/veen\/assets\/images\/transparent.gif\" data-lazy=\"true\" data-src=\"https:\/\/forestfireprotection.com\/wp-content\/uploads\/2021\/12\/logo-kmop-EN_2-1024x423.png\" alt=\"\" class=\"wp-image-728 size-full\"\/><\/figure><div class=\"wp-block-media-text__content\">\n<p class=\"has-drop-cap\">KMOP &#8211; Centro de Ac\u00e7\u00e3o Social e Inova\u00e7\u00e3o \u00e9 uma organiza\u00e7\u00e3o sem fins lucrativos, com sede em Atenas, Gr\u00e9cia, com mais de 40 anos de experi\u00eancia em desenvolvimento sustent\u00e1vel, crescimento social, protec\u00e7\u00e3o dos direitos humanos, inclus\u00e3o social e investiga\u00e7\u00e3o pol\u00edtica. Centra-se na constru\u00e7\u00e3o da resili\u00eancia das pessoas, no combate \u00e0s desigualdades e no apoio ao crescimento inclusivo e sustent\u00e1vel, desenvolvendo e implementando uma variedade de ferramentas, programas e pol\u00edticas inovadoras. Juntamente com a presta\u00e7\u00e3o directa de servi\u00e7os sociais, os conhecimentos especializados do KMOP dizem respeito \u00e0 concep\u00e7\u00e3o e implementa\u00e7\u00e3o de programas de impacto nas \u00e1reas da educa\u00e7\u00e3o, migra\u00e7\u00e3o, protec\u00e7\u00e3o dos direitos humanos, emprego, sa\u00fade mental e economia social.<\/p>\n\n\n\n<p>KMOP \u00e9 o coordenador do projecto da POLITEIA. No campo da educa\u00e7\u00e3o, a organiza\u00e7\u00e3o tem grande experi\u00eancia na implementa\u00e7\u00e3o de projectos relevantes e estabeleceu uma colabora\u00e7\u00e3o cont\u00ednua e bem sucedida com o Minist\u00e9rio Hel\u00e9nico da Educa\u00e7\u00e3o e a Youth Lifelong Learning Education Foundation. Al\u00e9m disso, a KMOP est\u00e1 h\u00e1 muito empenhada na implementa\u00e7\u00e3o de programas de aprendizagem ao longo da vida, aprendizagem n\u00e3o formal e refor\u00e7o de capacidades para pessoas socialmente vulner\u00e1veis.<\/p>\n\n\n\n<p><a href=\"https:\/\/www.kmop.gr\/\" target=\"_blank\" rel=\"noreferrer noopener nofollow\">Web<\/a> &#8211; <a href=\"https:\/\/www.facebook.com\/kmop.eu\/\" target=\"_blank\" rel=\"noreferrer noopener nofollow\">Facebook<\/a> &#8211; <a href=\"https:\/\/www.instagram.com\/kmop_ngo\/\" target=\"_blank\" rel=\"noreferrer noopener nofollow\">Instagram<\/a> &#8211; <a href=\"https:\/\/twitter.com\/kmop_ngo\" target=\"_blank\" rel=\"noreferrer noopener nofollow\">Twitter<\/a> &#8211; <a href=\"https:\/\/www.youtube.com\/channel\/UCHIq1YO8QxXiuPQcwi78i2w\" target=\"_blank\" rel=\"noreferrer noopener nofollow\">Youtube<\/a><\/p>\n<\/div><\/div>\n\n\n\n<div class=\"wp-block-media-text alignwide is-stacked-on-mobile\" style=\"grid-template-columns:18% auto\"><figure class=\"wp-block-media-text__media\"><a href=\"http:\/\/spel.com.pt\/\" target=\"_blank\" rel=\"noopener\"><img decoding=\"async\" src=\"https:\/\/forestfireprotection.com\/pt\/wp-content\/themes\/veen\/assets\/images\/transparent.gif\" data-lazy=\"true\" data-src=\"https:\/\/forestfireprotection.com\/wp-content\/uploads\/2021\/12\/logo-SPEL.png\" alt=\"\" class=\"wp-image-732 size-full\"\/><\/a><\/figure><div class=\"wp-block-media-text__content\">\n<p class=\"has-drop-cap\">Fundada em 1990, SPEL significa &#8220;Sociedade para a Promo\u00e7\u00e3o de Estabelecimentos Escolares&#8221;. Era constitu\u00edda por um grupo de professores experientes, que pretendiam criar escolas que n\u00e3o s\u00f3 ensinassem os alunos, mas tamb\u00e9m os ajudassem psicol\u00f3gica e socialmente. Por conseguinte, criaram uma escola para o EFP e localizaram-na estrategicamente numa regi\u00e3o de elevado desemprego e problemas sociais.<\/p>\n\n\n\n<p>Nos seus 29 anos de exist\u00eancia, a SPEL expandiu as suas boas pr\u00e1ticas ao adquirir a participa\u00e7\u00e3o noutras escolas localizadas em \u00e1reas problem\u00e1ticas.<\/p>\n\n\n\n<p>Estas escolas s\u00e3o agora administradas por uma equipa com experi\u00eancia no trabalho com jovens e adultos de origem dif\u00edcil e o princ\u00edpio de ac\u00e7\u00e3o \u00e9 o envolvimento de todo o pessoal da escola no fornecimento de solu\u00e7\u00f5es caso a caso para os problemas dos estudantes.<\/p>\n\n\n\n<p><a href=\"https:\/\/spel.com.pt\/\" target=\"_blank\" rel=\"noreferrer noopener nofollow\">Web<\/a> &#8211; <a href=\"https:\/\/www.facebook.com\/SPEL1990\/\" target=\"_blank\" rel=\"noreferrer noopener nofollow\">Facebook<\/a><\/p>\n<\/div><\/div>\n\n\n\n<div class=\"wp-block-media-text alignwide is-stacked-on-mobile\" style=\"grid-template-columns:18% auto\"><figure class=\"wp-block-media-text__media\"><a href=\"https:\/\/eprofcor.com\/\" target=\"_blank\" rel=\"noopener\"><img decoding=\"async\" src=\"https:\/\/forestfireprotection.com\/pt\/wp-content\/themes\/veen\/assets\/images\/transparent.gif\" data-lazy=\"true\" data-src=\"https:\/\/forestfireprotection.com\/wp-content\/uploads\/2021\/12\/EPROFCOR-LOGO-1024x447.png\" alt=\"\" class=\"wp-image-734 size-full\"\/><\/a><\/figure><div class=\"wp-block-media-text__content\">\n<p class=\"has-drop-cap\">Ovar Forma \u00e9 o propriet\u00e1rio da Escola Profissional de Cortega\u00e7a, uma Escola de Forma\u00e7\u00e3o Profissional de Cortega\u00e7a. O seu objectivo \u00e9 desenvolver a aprendizagem, investiga\u00e7\u00e3o e forma\u00e7\u00e3o para <br><\/p>\n\n\n\n<ul class=\"wp-block-list\"><li>contribuir para o desenvolvimento dos cidad\u00e3os atrav\u00e9s de uma prepara\u00e7\u00e3o adequada para a vida profissional activa;<\/li><li>promover a abordagem entre escolas e empresas;<\/li><li>analisar as necessidades regionais em termos de aprendizagem;<\/li><li>promover oportunidades de aprendizagem e cooperar com as institui\u00e7\u00f5es nacionais e estrangeiras no desenvolvimento do EFP.<\/li><\/ul>\n\n\n\n<p><meta charset=\"utf-8\">Progressivamente, a qualifica\u00e7\u00e3o profissional proporcionada pela institui\u00e7\u00e3o tornou-se um meio importante para enfrentar o mercado competitivo, que est\u00e1 a exigir recursos humanos mais qualificados. Esta institui\u00e7\u00e3o fornece a resposta a esta nova necessidade, permitindo aos estudantes obter uma melhor qualifica\u00e7\u00e3o mais orientada para o mundo do trabalho.<\/p>\n\n\n\n<p><a href=\"https:\/\/eprofcor.com\/\" target=\"_blank\" rel=\"noreferrer noopener nofollow\">Web<\/a> &#8211; <a href=\"https:\/\/www.facebook.com\/escolaprofissionaldecortegaca\/\" target=\"_blank\" rel=\"noreferrer noopener nofollow\">Facebook<\/a> &#8211; <a href=\"https:\/\/www.instagram.com\/instaeprofcor\/\" target=\"_blank\" rel=\"noreferrer noopener nofollow\">Instagram<\/a><\/p>\n<\/div><\/div>\n\n\n\n<div class=\"wp-block-media-text alignwide is-stacked-on-mobile\" style=\"grid-template-columns:18% auto\"><figure class=\"wp-block-media-text__media\"><a href=\"https:\/\/cesie.org\/en\/\" target=\"_blank\" rel=\"noopener\"><img decoding=\"async\" src=\"https:\/\/forestfireprotection.com\/pt\/wp-content\/themes\/veen\/assets\/images\/transparent.gif\" data-lazy=\"true\" data-src=\"https:\/\/forestfireprotection.com\/wp-content\/uploads\/2021\/12\/cesie-logo-trasparent-vertical-RGB.png\" alt=\"\" class=\"wp-image-738 size-full\"\/><\/a><\/figure><div class=\"wp-block-media-text__content\">\n<p class=\"has-drop-cap\">CESIE \u00e9 uma organiza\u00e7\u00e3o n\u00e3o governamental, criada em 2001, inspirada no trabalho e teorias do soci\u00f3logo italiano Danilo Dolci (1924-1997). O CESIE contribui para a participa\u00e7\u00e3o activa das pessoas, sociedades civis e institui\u00e7\u00f5es, atrav\u00e9s da implementa\u00e7\u00e3o de projectos em v\u00e1rias \u00e1reas tem\u00e1ticas, no sentido de<br>promo\u00e7\u00e3o do crescimento e do desenvolvimento, valorizando sempre a diversidade no respeito pela \u00e9tica e pelo desenvolvimento humano.<\/p>\n\n\n\n<p>Como centro europeu de Estudos e Iniciativas, a organiza\u00e7\u00e3o dedica-se \u00e0 promo\u00e7\u00e3o da investiga\u00e7\u00e3o e desenvolvimento de modo a aumentar e melhorar os processos de inova\u00e7\u00e3o orientados para o futuro nos dom\u00ednios educativo, social, econ\u00f3mico e cultural, acreditando na transversalidade das organiza\u00e7\u00f5es que cooperam dentro de campos e sectores heterog\u00e9neos.<br>A nossa miss\u00e3o \u00e9 promover o crescimento atrav\u00e9s de abordagens educativas inovadoras e participativas. Para cumprir a miss\u00e3o, o CESIE prossegue os seguintes objectivos:<br><\/p>\n\n\n\n<ul class=\"wp-block-list\"><li>Melhorar a educa\u00e7\u00e3o ao longo da vida na Europa atrav\u00e9s de projectos transnacionais envolvendo comunidades locais<\/li><li>Promover o desenvolvimento sustent\u00e1vel das regi\u00f5es vizinhas e n\u00e3o s\u00f3 atrav\u00e9s da forma\u00e7\u00e3o e educa\u00e7\u00e3o<\/li><li>Promover o progresso e a inova\u00e7\u00e3o no Ensino Superior e na Investiga\u00e7\u00e3o<\/li><li>Apoiar a mobilidade de aprendizagem para pessoas de todas as idades, al\u00e9m fronteiras e sectores<\/li><li>Estimular o crescimento local atrav\u00e9s da adapta\u00e7\u00e3o de boas pr\u00e1ticas e m\u00e9todos internacionais<\/li><\/ul>\n\n\n\n<p><a href=\"https:\/\/cesie.org\/en\/\" target=\"_blank\" rel=\"noreferrer noopener nofollow\">Web<\/a> &#8211; <a href=\"https:\/\/www.facebook.com\/cesie.ngo\/\" target=\"_blank\" rel=\"noreferrer noopener nofollow\">Facebook<\/a> &#8211; <a href=\"https:\/\/twitter.com\/cesieong\" target=\"_blank\" rel=\"noreferrer noopener nofollow\">Twitter<\/a> &#8211; <a href=\"https:\/\/www.instagram.com\/cesie.ngo\" target=\"_blank\" rel=\"noreferrer noopener nofollow\">Instagram<\/a> &#8211; <a href=\"https:\/\/www.youtube.com\/channel\/UCjcQpd8tm-wHmhYwg--8Arw\" target=\"_blank\" rel=\"noreferrer noopener nofollow\">Youtube<\/a> &#8211; <a href=\"https:\/\/www.linkedin.com\/company\/cesie\/mycompany\/\" target=\"_blank\" rel=\"noreferrer noopener nofollow\">LinkedIn<\/a><\/p>\n<\/div><\/div>\n\n\n\n<div class=\"wp-block-media-text alignwide is-stacked-on-mobile\"><figure class=\"wp-block-media-text__media\"><img decoding=\"async\" width=\"1024\" height=\"183\" src=\"https:\/\/forestfireprotection.com\/pt\/wp-content\/themes\/veen\/assets\/images\/transparent.gif\" data-lazy=\"true\" data-src=\"https:\/\/forestfireprotection.com\/pt\/wp-content\/uploads\/2021\/11\/PT-Cofinanciado-pela-Unia\u0303o-Europeia_POS-1024x183.png\" alt=\"\" class=\"wp-image-759 size-full\" data-srcset=\"https:\/\/forestfireprotection.com\/pt\/wp-content\/uploads\/2021\/11\/PT-Cofinanciado-pela-Unia\u0303o-Europeia_POS-1024x183.png 1024w, https:\/\/forestfireprotection.com\/pt\/wp-content\/uploads\/2021\/11\/PT-Cofinanciado-pela-Unia\u0303o-Europeia_POS-300x54.png 300w, https:\/\/forestfireprotection.com\/pt\/wp-content\/uploads\/2021\/11\/PT-Cofinanciado-pela-Unia\u0303o-Europeia_POS-768x137.png 768w, https:\/\/forestfireprotection.com\/pt\/wp-content\/uploads\/2021\/11\/PT-Cofinanciado-pela-Unia\u0303o-Europeia_POS-1536x275.png 1536w, https:\/\/forestfireprotection.com\/pt\/wp-content\/uploads\/2021\/11\/PT-Cofinanciado-pela-Unia\u0303o-Europeia_POS-2048x366.png 2048w, https:\/\/forestfireprotection.com\/pt\/wp-content\/uploads\/2021\/11\/PT-Cofinanciado-pela-Unia\u0303o-Europeia_POS-100x18.png 100w, https:\/\/forestfireprotection.com\/pt\/wp-content\/uploads\/2021\/11\/PT-Cofinanciado-pela-Unia\u0303o-Europeia_POS-700x125.png 700w, https:\/\/forestfireprotection.com\/pt\/wp-content\/uploads\/2021\/11\/PT-Cofinanciado-pela-Unia\u0303o-Europeia_POS-1600x286.png 1600w\" data-sizes=\"(max-width: 1024px) 100vw, 1024px\" \/><\/figure><div class=\"wp-block-media-text__content\">\n<blockquote class=\"wp-block-quote is-layout-flow wp-block-quote-is-layout-flow\"><p>A produ\u00e7\u00e3o deste conte\u00fado reflete unicamente o ponto de vista dos autores, e a Comiss\u00e3o n\u00e3o pode ser considerada respons\u00e1vel por eventuais utiliza\u00e7\u00f5es que possam ser feitas com as informa\u00e7\u00f5es nela contidas.<\/p><cite><a href=\"https:\/\/erasmus-plus.ec.europa.eu\/\" target=\"_blank\" rel=\"noreferrer noopener\">Erasmus+<\/a><\/cite><\/blockquote>\n<\/div><\/div>\n","protected":false},"excerpt":{"rendered":"<p>Aqui est\u00e3o os parceiros do projecto Erasmus+ &#8220;Training for self-protection against forest fires in rural areas&#8221; com o n\u00famero de projecto 2021-1-DE02-KA220-ADU-000028430. L4Y Learning For&#8230;<\/p>\n","protected":false},"author":1,"featured_media":0,"parent":0,"menu_order":0,"comment_status":"closed","ping_status":"closed","template":"page-templates\/page-fullwidth.php","meta":{"footnotes":""},"class_list":["post-594","page","type-page","status-publish","hentry"],"yoast_head":"<!-- This site is optimized with the Yoast SEO plugin v21.7 - https:\/\/yoast.com\/wordpress\/plugins\/seo\/ -->\n<title>Parceiros - Prote\u00e7\u00e3o contra inc\u00eandios florestais<\/title>\n<meta name=\"robots\" content=\"index, follow, max-snippet:-1, max-image-preview:large, max-video-preview:-1\" \/>\n<link rel=\"canonical\" href=\"https:\/\/forestfireprotection.com\/pt\/parceiros\/\" \/>\n<meta property=\"og:locale\" content=\"pt_PT\" \/>\n<meta property=\"og:type\" content=\"article\" \/>\n<meta property=\"og:title\" content=\"Parceiros - Prote\u00e7\u00e3o contra inc\u00eandios florestais\" \/>\n<meta property=\"og:description\" content=\"Aqui est\u00e3o os parceiros do projecto Erasmus+ &#8220;Training for self-protection against forest fires in rural areas&#8221; com o n\u00famero de projecto 2021-1-DE02-KA220-ADU-000028430. L4Y Learning For...\" \/>\n<meta property=\"og:url\" content=\"https:\/\/forestfireprotection.com\/pt\/parceiros\/\" \/>\n<meta property=\"og:site_name\" content=\"Prote\u00e7\u00e3o contra inc\u00eandios florestais\" \/>\n<meta property=\"article:modified_time\" content=\"2022-02-14T20:06:17+00:00\" \/>\n<meta property=\"og:image\" content=\"https:\/\/forestfireprotection.com\/wp-content\/uploads\/2021\/11\/L4YBlack.png\" \/>\n<meta name=\"twitter:card\" content=\"summary_large_image\" \/>\n<meta name=\"twitter:label1\" content=\"Tempo estimado de leitura\" \/>\n\t<meta name=\"twitter:data1\" content=\"9 minutos\" \/>\n<script type=\"application\/ld+json\" class=\"yoast-schema-graph\">{\"@context\":\"https:\/\/schema.org\",\"@graph\":[{\"@type\":\"WebPage\",\"@id\":\"https:\/\/forestfireprotection.com\/pt\/parceiros\/\",\"url\":\"https:\/\/forestfireprotection.com\/pt\/parceiros\/\",\"name\":\"Parceiros - Prote\u00e7\u00e3o contra inc\u00eandios florestais\",\"isPartOf\":{\"@id\":\"https:\/\/forestfireprotection.com\/pt\/#website\"},\"datePublished\":\"2021-11-27T12:58:21+00:00\",\"dateModified\":\"2022-02-14T20:06:17+00:00\",\"breadcrumb\":{\"@id\":\"https:\/\/forestfireprotection.com\/pt\/parceiros\/#breadcrumb\"},\"inLanguage\":\"pt-PT\",\"potentialAction\":[{\"@type\":\"ReadAction\",\"target\":[\"https:\/\/forestfireprotection.com\/pt\/parceiros\/\"]}]},{\"@type\":\"BreadcrumbList\",\"@id\":\"https:\/\/forestfireprotection.com\/pt\/parceiros\/#breadcrumb\",\"itemListElement\":[{\"@type\":\"ListItem\",\"position\":1,\"name\":\"Home\",\"item\":\"https:\/\/forestfireprotection.com\/pt\/\"},{\"@type\":\"ListItem\",\"position\":2,\"name\":\"Parceiros\"}]},{\"@type\":\"WebSite\",\"@id\":\"https:\/\/forestfireprotection.com\/pt\/#website\",\"url\":\"https:\/\/forestfireprotection.com\/pt\/\",\"name\":\"Prote\u00e7\u00e3o contra inc\u00eandios florestais\",\"description\":\"Autoprote\u00e7\u00e3o contra inc\u00eandios florestais\",\"potentialAction\":[{\"@type\":\"SearchAction\",\"target\":{\"@type\":\"EntryPoint\",\"urlTemplate\":\"https:\/\/forestfireprotection.com\/pt\/?s={search_term_string}\"},\"query-input\":\"required name=search_term_string\"}],\"inLanguage\":\"pt-PT\"}]}<\/script>\n<!-- \/ Yoast SEO plugin. -->","yoast_head_json":{"title":"Parceiros - Prote\u00e7\u00e3o contra inc\u00eandios florestais","robots":{"index":"index","follow":"follow","max-snippet":"max-snippet:-1","max-image-preview":"max-image-preview:large","max-video-preview":"max-video-preview:-1"},"canonical":"https:\/\/forestfireprotection.com\/pt\/parceiros\/","og_locale":"pt_PT","og_type":"article","og_title":"Parceiros - Prote\u00e7\u00e3o contra inc\u00eandios florestais","og_description":"Aqui est\u00e3o os parceiros do projecto Erasmus+ &#8220;Training for self-protection against forest fires in rural areas&#8221; com o n\u00famero de projecto 2021-1-DE02-KA220-ADU-000028430. L4Y Learning For...","og_url":"https:\/\/forestfireprotection.com\/pt\/parceiros\/","og_site_name":"Prote\u00e7\u00e3o contra inc\u00eandios florestais","article_modified_time":"2022-02-14T20:06:17+00:00","og_image":[{"url":"https:\/\/forestfireprotection.com\/wp-content\/uploads\/2021\/11\/L4YBlack.png"}],"twitter_card":"summary_large_image","twitter_misc":{"Tempo estimado de leitura":"9 minutos"},"schema":{"@context":"https:\/\/schema.org","@graph":[{"@type":"WebPage","@id":"https:\/\/forestfireprotection.com\/pt\/parceiros\/","url":"https:\/\/forestfireprotection.com\/pt\/parceiros\/","name":"Parceiros - Prote\u00e7\u00e3o contra inc\u00eandios florestais","isPartOf":{"@id":"https:\/\/forestfireprotection.com\/pt\/#website"},"datePublished":"2021-11-27T12:58:21+00:00","dateModified":"2022-02-14T20:06:17+00:00","breadcrumb":{"@id":"https:\/\/forestfireprotection.com\/pt\/parceiros\/#breadcrumb"},"inLanguage":"pt-PT","potentialAction":[{"@type":"ReadAction","target":["https:\/\/forestfireprotection.com\/pt\/parceiros\/"]}]},{"@type":"BreadcrumbList","@id":"https:\/\/forestfireprotection.com\/pt\/parceiros\/#breadcrumb","itemListElement":[{"@type":"ListItem","position":1,"name":"Home","item":"https:\/\/forestfireprotection.com\/pt\/"},{"@type":"ListItem","position":2,"name":"Parceiros"}]},{"@type":"WebSite","@id":"https:\/\/forestfireprotection.com\/pt\/#website","url":"https:\/\/forestfireprotection.com\/pt\/","name":"Prote\u00e7\u00e3o contra inc\u00eandios florestais","description":"Autoprote\u00e7\u00e3o contra inc\u00eandios florestais","potentialAction":[{"@type":"SearchAction","target":{"@type":"EntryPoint","urlTemplate":"https:\/\/forestfireprotection.com\/pt\/?s={search_term_string}"},"query-input":"required name=search_term_string"}],"inLanguage":"pt-PT"}]}},"_links":{"self":[{"href":"https:\/\/forestfireprotection.com\/pt\/wp-json\/wp\/v2\/pages\/594","targetHints":{"allow":["GET"]}}],"collection":[{"href":"https:\/\/forestfireprotection.com\/pt\/wp-json\/wp\/v2\/pages"}],"about":[{"href":"https:\/\/forestfireprotection.com\/pt\/wp-json\/wp\/v2\/types\/page"}],"author":[{"embeddable":true,"href":"https:\/\/forestfireprotection.com\/pt\/wp-json\/wp\/v2\/users\/1"}],"replies":[{"embeddable":true,"href":"https:\/\/forestfireprotection.com\/pt\/wp-json\/wp\/v2\/comments?post=594"}],"version-history":[{"count":4,"href":"https:\/\/forestfireprotection.com\/pt\/wp-json\/wp\/v2\/pages\/594\/revisions"}],"predecessor-version":[{"id":762,"href":"https:\/\/forestfireprotection.com\/pt\/wp-json\/wp\/v2\/pages\/594\/revisions\/762"}],"wp:attachment":[{"href":"https:\/\/forestfireprotection.com\/pt\/wp-json\/wp\/v2\/media?parent=594"}],"curies":[{"name":"wp","href":"https:\/\/api.w.org\/{rel}","templated":true}]}}