{"id":3,"date":"2021-12-19T20:23:12","date_gmt":"2021-12-19T20:23:12","guid":{"rendered":"https:\/\/forestfireprotection.com\/pt\/?page_id=3"},"modified":"2022-01-23T11:55:57","modified_gmt":"2022-01-23T11:55:57","slug":"termos-e-condicoes","status":"publish","type":"page","link":"https:\/\/forestfireprotection.com\/pt\/termos-e-condicoes\/","title":{"rendered":"Termos e condi\u00e7\u00f5es"},"content":{"rendered":"\n<h2 class=\"wp-block-heading\">Quem somos n\u00f3s<\/h2>\n\n\n\n<p>Somos um grupo de <a href=\"http:\/\/pt\/partners\/\" target=\"_blank\" rel=\"noreferrer noopener\">parceiros<\/a> do projecto financiado por Erasmus+ &#8220;<strong>Training for self-protection against forest fires in rural areas<\/strong>&#8221; com o n\u00famero de projecto <strong>2021-1-DE02-KA220-ADU-000028430<\/strong>.<\/p>\n\n\n\n<h2 class=\"wp-block-heading\">Cookies<\/h2>\n\n\n\n<p>Se visitar a nossa p\u00e1gina de in\u00edcio de sess\u00e3o, iremos definir um cookie tempor\u00e1rio para determinar se o seu navegador aceita cookies. Este cookie n\u00e3o cont\u00e9m dados pessoais e \u00e9 descartado quando fecha o seu navegador.<\/p>\n\n\n\n<p>Configuraremos tamb\u00e9m v\u00e1rios cookies para guardar as suas informa\u00e7\u00f5es de login e as suas op\u00e7\u00f5es de exibi\u00e7\u00e3o no ecr\u00e3 quando iniciar a sess\u00e3o. Os cookies de in\u00edcio de sess\u00e3o duram dois dias, e as op\u00e7\u00f5es de ecr\u00e3 dos cookies duram um ano. Se seleccionar &#8220;Lembrar-me&#8221;, o seu in\u00edcio de sess\u00e3o ir\u00e1 persistir durante duas semanas. Se sair da sua conta, os cookies de in\u00edcio de sess\u00e3o ser\u00e3o removidos.<\/p>\n\n\n\n<p>Se editar ou publicar um artigo, um cookie adicional ser\u00e1 guardado no seu navegador. Este cookie n\u00e3o inclui dados pessoais e indica a identifica\u00e7\u00e3o postal do artigo que acabou de editar. Expira ao fim de um dia.<\/p>\n\n\n\n<h2 class=\"wp-block-heading\">Conte\u00fados incorporados de outros websites<\/h2>\n\n\n\n<p>Os artigos deste s\u00edtio podem incluir conte\u00fado incorporado (por exemplo, v\u00eddeos, imagens, artigos, etc.). O conte\u00fado incorporado de outros sites comporta-se da mesma forma como se o visitante tivesse visitado o outro site.<\/p>\n\n\n\n<p>Estes websites podem recolher dados sobre si, utilizar cookies, incorporar rastreio adicional de terceiros, e monitorizar a sua interac\u00e7\u00e3o com esse conte\u00fado incorporado, incluindo o rastreio da sua interac\u00e7\u00e3o com o conte\u00fado incorporado, caso tenha uma conta e esteja ligado a esse website.<\/p>\n\n\n\n<h2 class=\"wp-block-heading\">Com quem partilhamos os seus dados<\/h2>\n\n\n\n<p>Se solicitar uma redefini\u00e7\u00e3o de senha, o seu endere\u00e7o IP ser\u00e1 inclu\u00eddo no e-mail de redefini\u00e7\u00e3o.<\/p>\n\n\n\n<h2 class=\"wp-block-heading\">Quanto tempo retemos os seus dados<\/h2>\n\n\n\n<p>Se deixar um coment\u00e1rio, o coment\u00e1rio e os seus metadados s\u00e3o retidos indefinidamente. \u00c9 para que possamos reconhecer e aprovar automaticamente quaisquer coment\u00e1rios de seguimento, em vez de os mantermos numa fila de modera\u00e7\u00e3o.<\/p>\n\n\n\n<p>Para os utilizadores que se registam no nosso website (se houver), tamb\u00e9m armazenamos as informa\u00e7\u00f5es pessoais que fornecem nos seus perfis de utilizador. Todos os utilizadores podem ver, editar, ou apagar as suas informa\u00e7\u00f5es pessoais em qualquer altura (excepto que n\u00e3o podem alterar o seu nome de utilizador). Os administradores do website tamb\u00e9m podem ver e editar essa informa\u00e7\u00e3o.<\/p>\n\n\n\n<h2 class=\"wp-block-heading\">Que direitos tem sobre os seus dados<\/h2>\n\n\n\n<p>Se tiver uma conta neste site ou tiver deixado coment\u00e1rios, pode solicitar a recep\u00e7\u00e3o de um ficheiro exportado dos dados pessoais que temos sobre si, incluindo qualquer informa\u00e7\u00e3o que nos tenha fornecido. Pode tamb\u00e9m solicitar que apaguemos quaisquer dados pessoais que tenhamos na nossa posse sobre si. N\u00e3o inclui quaisquer dados que sejamos obrigados a conservar para fins administrativos, legais ou de seguran\u00e7a.<\/p>\n\n\n\n<h2 class=\"wp-block-heading\">Para onde enviamos os seus dados<\/h2>\n\n\n\n<p>Os coment\u00e1rios dos visitantes podem ser verificados atrav\u00e9s de um servi\u00e7o autom\u00e1tico de detec\u00e7\u00e3o de spam.<\/p>\n","protected":false},"excerpt":{"rendered":"<p>Quem somos n\u00f3s Somos um grupo de parceiros do projecto financiado por Erasmus+ &#8220;Training for self-protection against forest fires in rural areas&#8221; com o n\u00famero&#8230;<\/p>\n","protected":false},"author":1,"featured_media":0,"parent":0,"menu_order":0,"comment_status":"closed","ping_status":"open","template":"","meta":{"footnotes":""},"class_list":["post-3","page","type-page","status-publish","hentry"],"yoast_head":"<!-- This site is optimized with the Yoast SEO plugin v21.7 - https:\/\/yoast.com\/wordpress\/plugins\/seo\/ -->\n<title>Termos e condi\u00e7\u00f5es - Prote\u00e7\u00e3o contra inc\u00eandios florestais<\/title>\n<meta name=\"robots\" content=\"index, follow, max-snippet:-1, max-image-preview:large, max-video-preview:-1\" \/>\n<link rel=\"canonical\" href=\"https:\/\/forestfireprotection.com\/pt\/termos-e-condicoes\/\" \/>\n<meta property=\"og:locale\" content=\"pt_PT\" \/>\n<meta property=\"og:type\" content=\"article\" \/>\n<meta property=\"og:title\" content=\"Termos e condi\u00e7\u00f5es - Prote\u00e7\u00e3o contra inc\u00eandios florestais\" \/>\n<meta property=\"og:description\" content=\"Quem somos n\u00f3s Somos um grupo de parceiros do projecto financiado por Erasmus+ &#8220;Training for self-protection against forest fires in rural areas&#8221; com o n\u00famero...\" \/>\n<meta property=\"og:url\" content=\"https:\/\/forestfireprotection.com\/pt\/termos-e-condicoes\/\" \/>\n<meta property=\"og:site_name\" content=\"Prote\u00e7\u00e3o contra inc\u00eandios florestais\" \/>\n<meta property=\"article:modified_time\" content=\"2022-01-23T11:55:57+00:00\" \/>\n<meta name=\"twitter:card\" content=\"summary_large_image\" \/>\n<meta name=\"twitter:label1\" content=\"Tempo estimado de leitura\" \/>\n\t<meta name=\"twitter:data1\" content=\"3 minutos\" \/>\n<script type=\"application\/ld+json\" class=\"yoast-schema-graph\">{\"@context\":\"https:\/\/schema.org\",\"@graph\":[{\"@type\":\"WebPage\",\"@id\":\"https:\/\/forestfireprotection.com\/pt\/termos-e-condicoes\/\",\"url\":\"https:\/\/forestfireprotection.com\/pt\/termos-e-condicoes\/\",\"name\":\"Termos e condi\u00e7\u00f5es - Prote\u00e7\u00e3o contra inc\u00eandios florestais\",\"isPartOf\":{\"@id\":\"https:\/\/forestfireprotection.com\/pt\/#website\"},\"datePublished\":\"2021-12-19T20:23:12+00:00\",\"dateModified\":\"2022-01-23T11:55:57+00:00\",\"breadcrumb\":{\"@id\":\"https:\/\/forestfireprotection.com\/pt\/termos-e-condicoes\/#breadcrumb\"},\"inLanguage\":\"pt-PT\",\"potentialAction\":[{\"@type\":\"ReadAction\",\"target\":[\"https:\/\/forestfireprotection.com\/pt\/termos-e-condicoes\/\"]}]},{\"@type\":\"BreadcrumbList\",\"@id\":\"https:\/\/forestfireprotection.com\/pt\/termos-e-condicoes\/#breadcrumb\",\"itemListElement\":[{\"@type\":\"ListItem\",\"position\":1,\"name\":\"Home\",\"item\":\"https:\/\/forestfireprotection.com\/pt\/\"},{\"@type\":\"ListItem\",\"position\":2,\"name\":\"Termos e condi\u00e7\u00f5es\"}]},{\"@type\":\"WebSite\",\"@id\":\"https:\/\/forestfireprotection.com\/pt\/#website\",\"url\":\"https:\/\/forestfireprotection.com\/pt\/\",\"name\":\"Prote\u00e7\u00e3o contra inc\u00eandios florestais\",\"description\":\"Autoprote\u00e7\u00e3o contra inc\u00eandios florestais\",\"potentialAction\":[{\"@type\":\"SearchAction\",\"target\":{\"@type\":\"EntryPoint\",\"urlTemplate\":\"https:\/\/forestfireprotection.com\/pt\/?s={search_term_string}\"},\"query-input\":\"required name=search_term_string\"}],\"inLanguage\":\"pt-PT\"}]}<\/script>\n<!-- \/ Yoast SEO plugin. -->","yoast_head_json":{"title":"Termos e condi\u00e7\u00f5es - Prote\u00e7\u00e3o contra inc\u00eandios florestais","robots":{"index":"index","follow":"follow","max-snippet":"max-snippet:-1","max-image-preview":"max-image-preview:large","max-video-preview":"max-video-preview:-1"},"canonical":"https:\/\/forestfireprotection.com\/pt\/termos-e-condicoes\/","og_locale":"pt_PT","og_type":"article","og_title":"Termos e condi\u00e7\u00f5es - Prote\u00e7\u00e3o contra inc\u00eandios florestais","og_description":"Quem somos n\u00f3s Somos um grupo de parceiros do projecto financiado por Erasmus+ &#8220;Training for self-protection against forest fires in rural areas&#8221; com o n\u00famero...","og_url":"https:\/\/forestfireprotection.com\/pt\/termos-e-condicoes\/","og_site_name":"Prote\u00e7\u00e3o contra inc\u00eandios florestais","article_modified_time":"2022-01-23T11:55:57+00:00","twitter_card":"summary_large_image","twitter_misc":{"Tempo estimado de leitura":"3 minutos"},"schema":{"@context":"https:\/\/schema.org","@graph":[{"@type":"WebPage","@id":"https:\/\/forestfireprotection.com\/pt\/termos-e-condicoes\/","url":"https:\/\/forestfireprotection.com\/pt\/termos-e-condicoes\/","name":"Termos e condi\u00e7\u00f5es - Prote\u00e7\u00e3o contra inc\u00eandios florestais","isPartOf":{"@id":"https:\/\/forestfireprotection.com\/pt\/#website"},"datePublished":"2021-12-19T20:23:12+00:00","dateModified":"2022-01-23T11:55:57+00:00","breadcrumb":{"@id":"https:\/\/forestfireprotection.com\/pt\/termos-e-condicoes\/#breadcrumb"},"inLanguage":"pt-PT","potentialAction":[{"@type":"ReadAction","target":["https:\/\/forestfireprotection.com\/pt\/termos-e-condicoes\/"]}]},{"@type":"BreadcrumbList","@id":"https:\/\/forestfireprotection.com\/pt\/termos-e-condicoes\/#breadcrumb","itemListElement":[{"@type":"ListItem","position":1,"name":"Home","item":"https:\/\/forestfireprotection.com\/pt\/"},{"@type":"ListItem","position":2,"name":"Termos e condi\u00e7\u00f5es"}]},{"@type":"WebSite","@id":"https:\/\/forestfireprotection.com\/pt\/#website","url":"https:\/\/forestfireprotection.com\/pt\/","name":"Prote\u00e7\u00e3o contra inc\u00eandios florestais","description":"Autoprote\u00e7\u00e3o contra inc\u00eandios florestais","potentialAction":[{"@type":"SearchAction","target":{"@type":"EntryPoint","urlTemplate":"https:\/\/forestfireprotection.com\/pt\/?s={search_term_string}"},"query-input":"required name=search_term_string"}],"inLanguage":"pt-PT"}]}},"_links":{"self":[{"href":"https:\/\/forestfireprotection.com\/pt\/wp-json\/wp\/v2\/pages\/3","targetHints":{"allow":["GET"]}}],"collection":[{"href":"https:\/\/forestfireprotection.com\/pt\/wp-json\/wp\/v2\/pages"}],"about":[{"href":"https:\/\/forestfireprotection.com\/pt\/wp-json\/wp\/v2\/types\/page"}],"author":[{"embeddable":true,"href":"https:\/\/forestfireprotection.com\/pt\/wp-json\/wp\/v2\/users\/1"}],"replies":[{"embeddable":true,"href":"https:\/\/forestfireprotection.com\/pt\/wp-json\/wp\/v2\/comments?post=3"}],"version-history":[{"count":3,"href":"https:\/\/forestfireprotection.com\/pt\/wp-json\/wp\/v2\/pages\/3\/revisions"}],"predecessor-version":[{"id":741,"href":"https:\/\/forestfireprotection.com\/pt\/wp-json\/wp\/v2\/pages\/3\/revisions\/741"}],"wp:attachment":[{"href":"https:\/\/forestfireprotection.com\/pt\/wp-json\/wp\/v2\/media?parent=3"}],"curies":[{"name":"wp","href":"https:\/\/api.w.org\/{rel}","templated":true}]}}