{"id":597,"date":"2021-11-27T12:58:21","date_gmt":"2021-11-27T12:58:21","guid":{"rendered":"https:\/\/forestfireprotection.com\/?page_id=588"},"modified":"2022-02-14T19:47:54","modified_gmt":"2022-02-14T19:47:54","slug":"partner","status":"publish","type":"page","link":"https:\/\/forestfireprotection.com\/de\/partner\/","title":{"rendered":"Partner"},"content":{"rendered":"\n<p>Hier sind die Partner des Eramus+ Projektes \u201e<strong>Training for self-protection against forest fires in rural areas\u201d <\/strong>mit der Projektnummer <strong>2021-1-DE02-KA220-ADU-000028430<\/strong>.<\/p>\n\n\n\n<p><\/p>\n\n\n\n<div class=\"wp-block-media-text alignwide is-stacked-on-mobile\" style=\"grid-template-columns:18% auto\"><figure class=\"wp-block-media-text__media\"><a href=\"https:\/\/learningforyouth.com\" target=\"_blank\" rel=\"noopener\"><img decoding=\"async\" src=\"https:\/\/forestfireprotection.com\/de\/wp-content\/themes\/veen\/assets\/images\/transparent.gif\" data-lazy=\"true\" data-src=\"https:\/\/forestfireprotection.com\/wp-content\/uploads\/2021\/11\/L4YBlack.png\" alt=\"\" class=\"wp-image-700 size-full\"\/><\/a><\/figure><div class=\"wp-block-media-text__content\">\n<p class=\"has-drop-cap\">L4Y Learning For Youth arbeitet im Jugendbereich mit Ziele; das Bewusstsein der Jugend mit aufkommenden Technologien verbessern; F\u00e4higkeiten der Jugend f\u00fcr (zuk\u00fcnftigen) Berufe heben; Zur L\u00f6sung des Integrationsproblems von Fl\u00fcchtlingen, Asylbewerbern, und Immigranten helfen;<br><a href=\"https:\/\/learningforyouth.com\" target=\"_blank\" rel=\"noreferrer noopener nofollow\">Web<\/a> &#8211; <a href=\"https:\/\/www.facebook.com\/Learning4Youth\" target=\"_blank\" rel=\"noreferrer noopener nofollow\">Facebook<\/a> &#8211; <a href=\"https:\/\/twitter.com\/learning4youth\" target=\"_blank\" rel=\"noreferrer noopener nofollow\">Twitter<\/a> &#8211; <a href=\"https:\/\/instagram.com\/learning4youth\" target=\"_blank\" rel=\"noreferrer noopener nofollow\">Instagram<\/a> &#8211; <a href=\"https:\/\/www.youtube.com\/channel\/UCre-KOaa9c-s1M5bX6URv-g\" target=\"_blank\" rel=\"noreferrer noopener nofollow\">Youtube<\/a><\/p>\n<\/div><\/div>\n\n\n\n<div class=\"wp-block-media-text alignwide is-stacked-on-mobile\" style=\"grid-template-columns:18% auto\"><figure class=\"wp-block-media-text__media\"><a href=\"http:\/\/bosev.org\" target=\"_blank\" rel=\"noopener\"><img decoding=\"async\" src=\"https:\/\/forestfireprotection.com\/de\/wp-content\/themes\/veen\/assets\/images\/transparent.gif\" data-lazy=\"true\" data-src=\"https:\/\/forestfireprotection.com\/wp-content\/uploads\/2021\/11\/bosev-logo-BUYUK-copy.png\" alt=\"\" class=\"wp-image-691 size-full\"\/><\/a><\/figure><div class=\"wp-block-media-text__content\">\n<p class=\"has-drop-cap\">Buyuk Ortadogu Saglik ve Egitim Vakfi (BOSEV, Forschungsstiftung) aus Ankara\/T\u00fcrkei wurde 2009 als Dachstruktur von einer Gruppe der Fachleuten aus dem medizinischen Bereich, zus\u00e4tzlich aus anderen Sektoren wie Bildung, Sport, Wirtschaft und IKT. BOSEV hat sich zum Ziel gesetzt, mit seiner reichen personellen Kapazit\u00e4t und seinem hochkar\u00e4tigen Hintergrund Forschungsentwicklungen im Medizin- und Bildungssektor zu unterst\u00fctzen. Zu diesem Zweck veranstaltet BOSEV medizinische Publikationen mit periodischen medizinischen Zeitschriften; hat 50 Vorstandsmitglieder und 100 Mitglieder, die eine kontinuierliche, vielf\u00e4ltige ehrenamtliche Unterst\u00fctzung leisten; und \u00fcbertr\u00e4gt Erfahrung und Kapazit\u00e4t von \u00fcber 1000 Mitarbeitern, die in BOSEV-Krankenh\u00e4usern, medizinischen Zentren, Kliniken und in einem Medienunternehmen arbeiten. Unser Team konzentriert sich auf die Entwicklung und Einf\u00fchrung von L\u00f6sungen f\u00fcr systematische soziale, bildungsbezogene und \u00f6konomische Probleme. Diese L\u00f6sungen werden durch verschiedene Interaktionsebenen mit Stakeholder entwickelt. Wir glauben, dass sich die Lebensqualit\u00e4t verbessert, wenn der Prozesss sozialer Innovation genutzt wird, um soziale Gerechtigkeit zu erreichen, systemische Probleme zu l\u00f6sen und L\u00f6sungen zu entwickeln, die Einzelpersonen und Organisationen Chancen bieten k\u00f6nnen.<br><a href=\"http:\/\/bosev.org\" target=\"_blank\" rel=\"noreferrer noopener nofollow\">Web<\/a> &#8211; <a href=\"https:\/\/www.facebook.com\/bosevorg\" target=\"_blank\" rel=\"noreferrer noopener nofollow\">Facebook<\/a> &#8211; <a href=\"https:\/\/twitter.com\/bosevorg\" target=\"_blank\" rel=\"noreferrer noopener nofollow\">Twitter<\/a> &#8211; <a href=\"https:\/\/www.linkedin.com\/in\/bosev-370341178\/\" target=\"_blank\" rel=\"noreferrer noopener nofollow\">Linkedin<\/a> &#8211; <a href=\"https:\/\/www.instagram.com\/bosevvakfi\/\" target=\"_blank\" rel=\"noreferrer noopener nofollow\">Instagram<\/a><\/p>\n<\/div><\/div>\n\n\n\n<div class=\"wp-block-media-text alignwide is-stacked-on-mobile\" style=\"grid-template-columns:18% auto\"><figure class=\"wp-block-media-text__media\"><a href=\"https:\/\/www.growthcoop.eu\/\" target=\"_blank\" rel=\"noopener\"><img decoding=\"async\" src=\"https:\/\/forestfireprotection.com\/de\/wp-content\/themes\/veen\/assets\/images\/transparent.gif\" data-lazy=\"true\" data-src=\"https:\/\/forestfireprotection.com\/wp-content\/uploads\/2021\/11\/logo-4-GrowthCoop-1024x256.jpg\" alt=\"\" class=\"wp-image-695 size-full\"\/><\/a><\/figure><div class=\"wp-block-media-text__content\">\n<p class=\"has-drop-cap\">GrowthCoop ist eine neue Organisation, deren Mitglieder jedoch \u00fcber langj\u00e4hrige Erfahrung in europ\u00e4ischen Projekten. Unsere Leidenschaft ist die Entwicklung der F\u00e4higkeiten und Kompetenzen von Menschen; Wir glauben fest daran, dass die Basis der Entwicklung von unserer Gesellschaft Entwicklung von Menschen und Organisationen ist. Wir arbeiten mit Menschen von von verschiedenen Wirtschaftssektoren und Hintergr\u00fcnden zusammen, um die soziale Inklusion zu unterst\u00fctzen. Die unterst\u00fctzenden Werten wie soziales Entrepreneurship, Interkulturell, Nachhaltigkeit, Umweltschutz, Kreislaufwirtschaft und andere wird unseren zuk\u00fcnftigen Generationen ein besseres Leben erm\u00f6glichen<br><a href=\"https:\/\/www.growthcoop.eu\/\" target=\"_blank\" rel=\"noreferrer noopener nofollow\">Web<\/a> &#8211; <a href=\"https:\/\/www.facebook.com\/GrowthCoop\" target=\"_blank\" rel=\"noreferrer noopener nofollow\">Facebook<\/a><\/p>\n<\/div><\/div>\n\n\n\n<div class=\"wp-block-media-text alignwide is-stacked-on-mobile\" style=\"grid-template-columns:18% auto\"><figure class=\"wp-block-media-text__media\"><a href=\"https:\/\/www.citizensinpower.org\/\" target=\"_blank\" rel=\"noopener\"><img decoding=\"async\" src=\"https:\/\/forestfireprotection.com\/de\/wp-content\/themes\/veen\/assets\/images\/transparent.gif\" data-lazy=\"true\" data-src=\"https:\/\/forestfireprotection.com\/wp-content\/uploads\/2021\/11\/cip-logo-1-1024x386.png\" alt=\"\" class=\"wp-image-720 size-full\"\/><\/a><\/figure><div class=\"wp-block-media-text__content\">\n<p class=\"has-drop-cap\">Citizens In Power (CIP) ist eine unabh\u00e4ngige gemeinn\u00fctzige Nichtregierungsorganisation aus Zypern, die sich durch ihr Engagement im sozialen und b\u00fcrgerlichen Leben den Bed\u00fcrfnissen und Anforderungen der Menschen widmet, indem sie ihnen gleichzeitig innovatives Material und kostenlose Trainings in Bezug auf eine Vielzahl von Bereichen wie Bildung (einschlie\u00dflich Online-Bildung), Inklusion, Unternehmerschaft, und Wirtschaft, Kultur, Arbeitsmarkt und lebenslanges Lernen.<\/p>\n\n\n\n<p>CIP zielt haupts\u00e4chlich auf die Entwicklung von Bildung, Unternehmerschaft und lebenslangem Lernen in Zypern und im Ausland ab. Um diese Ziele zu erreichen, arbeitet CIP kontinuierlich mit den f\u00fchrenden Universit\u00e4ten, Schulen, NGOs und Forschungsorganisationen in Zypern zusammen, um Projekte, Schulungs- und Lehrmaterial zu entwickeln. CIP unterh\u00e4lt ein wertvolles Netzwerk von professionellen Trainern und Bildungsexperten, die sowohl in der formalen als auch in der nicht formalen Bildung erfahren sind.<\/p>\n\n\n\n<p><a href=\"https:\/\/www.citizensinpower.org\/\" target=\"_blank\" rel=\"noreferrer noopener nofollow\">Web<\/a> &#8211; <a href=\"https:\/\/www.facebook.com\/citizensinpower\" target=\"_blank\" rel=\"noreferrer noopener nofollow\">Facebook<\/a> &#8211; <a href=\"https:\/\/www.instagram.com\/citizensinpower\/\" target=\"_blank\" rel=\"noreferrer noopener nofollow\">Instagram<\/a> &#8211; <a href=\"https:\/\/www.youtube.com\/c\/CitizensInPower\" target=\"_blank\" rel=\"noreferrer noopener nofollow\">Youtube<\/a><\/p>\n<\/div><\/div>\n\n\n\n<div class=\"wp-block-media-text alignwide is-stacked-on-mobile\" style=\"grid-template-columns:18% auto\"><figure class=\"wp-block-media-text__media\"><img decoding=\"async\" src=\"https:\/\/forestfireprotection.com\/de\/wp-content\/themes\/veen\/assets\/images\/transparent.gif\" data-lazy=\"true\" data-src=\"https:\/\/forestfireprotection.com\/wp-content\/uploads\/2021\/12\/logo-kmop-EN_2-1024x423.png\" alt=\"\" class=\"wp-image-728 size-full\"\/><\/figure><div class=\"wp-block-media-text__content\">\n<p class=\"has-drop-cap\">KMOP \u2013 Social Action and Innovation Center ist eine gemeinn\u00fctzige Organisation mit Sitz in Athen, Griechenland, mit mehr als 40 Jahren Erfahrung in den Bereichen nachhaltige Entwicklung, soziales Wachstum, Menschenrechtsschutz, soziale Eingliederung und Politikforschung. Es konzentriert sich auf die St\u00e4rkung der Widerstandsf\u00e4higkeit der Menschen, die Bek\u00e4mpfung von Ungleichheiten und die Unterst\u00fctzung eines integrativen und nachhaltigen Wachstums durch die Entwicklung und Umsetzung einer Vielzahl innovativer Instrumente, Programme und Policen. Neben der direkten Bereitstellung sozialer Dienstleistungen umfasst die Expertise von KMOP die Konzeption und Umsetzung wirkungsvoller Programme in den Bereichen Bildung, Migration, Menschenrechtsschutz, Besch\u00e4ftigung, psychische Gesundheit und Sozialwirtschaft.<\/p>\n\n\n\n<p>KMOP ist der Projektkoordinator von POLITEIA. Im Bildungsbereich verf\u00fcgt die Organisation \u00fcber gro\u00dfe Erfahrung in der Umsetzung zutreffender Projekte und hat eine kontinuierliche erfolgreiche Zusammenarbeit mit dem Hellenischen Bildungsministerium und der Youth Lifelong Learning Education Foundation aufgebaut. Dar\u00fcber hinaus engagiert sich KMOP seit langem in der Umsetzung von Programmen f\u00fcr lebenslanges Lernen, nicht formales Lernen und Kapazit\u00e4tsaufbau f\u00fcr sozial schwache Menschen.<\/p>\n\n\n\n<p><a href=\"https:\/\/www.kmop.gr\/\" target=\"_blank\" rel=\"noreferrer noopener nofollow\">Web<\/a> &#8211; <a href=\"https:\/\/www.facebook.com\/kmop.eu\/\" target=\"_blank\" rel=\"noreferrer noopener nofollow\">Facebook<\/a> &#8211; <a href=\"https:\/\/www.instagram.com\/kmop_ngo\/\" target=\"_blank\" rel=\"noreferrer noopener nofollow\">Instagram<\/a> &#8211; <a href=\"https:\/\/twitter.com\/kmop_ngo\" target=\"_blank\" rel=\"noreferrer noopener nofollow\">Twitter<\/a> &#8211; <a href=\"https:\/\/www.youtube.com\/channel\/UCHIq1YO8QxXiuPQcwi78i2w\" target=\"_blank\" rel=\"noreferrer noopener nofollow\">Youtube<\/a><\/p>\n<\/div><\/div>\n\n\n\n<div class=\"wp-block-media-text alignwide is-stacked-on-mobile\" style=\"grid-template-columns:18% auto\"><figure class=\"wp-block-media-text__media\"><a href=\"http:\/\/spel.com.pt\/\" target=\"_blank\" rel=\"noopener\"><img decoding=\"async\" src=\"https:\/\/forestfireprotection.com\/de\/wp-content\/themes\/veen\/assets\/images\/transparent.gif\" data-lazy=\"true\" data-src=\"https:\/\/forestfireprotection.com\/wp-content\/uploads\/2021\/12\/logo-SPEL.png\" alt=\"\" class=\"wp-image-732 size-full\"\/><\/a><\/figure><div class=\"wp-block-media-text__content\">\n<p class=\"has-drop-cap\">SPEL wurde 1990 gegr\u00fcndet und bedeutet \u201eSociety for the Promotion of School Establishments\u201c. Es wurde von einer Gruppe erfahrener Lehrer gebildet, die Schulen schaffen wollten, die die Sch\u00fcler nicht nur unterrichten, sondern sie auch psychologisch und sozial unterst\u00fctzen. Deshalb haben sie eine Berufsbildungsschule geschaffen und sie strategisch in einer Region mit hoher Arbeitslosigkeit und sozialen Problemen angesiedelt.<\/p>\n\n\n\n<p>In seinem 29-j\u00e4hrigen Bestehen hat SPEL seine bew\u00e4hrten Verfahren erweitert, indem es die Teilnahme an anderen Schulen in Problemgebieten erwarb.<\/p>\n\n\n\n<p>Diese Schulen werden nun von einem Team mit Erfahrung in der Arbeit mit Jugendlichen und Erwachsenen aus schwierigen Verh\u00e4ltnissen verwaltet, und das Prinzip der Aktion ist das Engagement des gesamten Schulpersonals, um von Fall zu Fall L\u00f6sungen f\u00fcr die Probleme der Sch\u00fcler zu finden.<\/p>\n\n\n\n<p><a href=\"https:\/\/spel.com.pt\/\" target=\"_blank\" rel=\"noreferrer noopener nofollow\">Web<\/a> &#8211; <a href=\"https:\/\/www.facebook.com\/SPEL1990\/\" target=\"_blank\" rel=\"noreferrer noopener nofollow\">Facebook<\/a><\/p>\n<\/div><\/div>\n\n\n\n<div class=\"wp-block-media-text alignwide is-stacked-on-mobile\" style=\"grid-template-columns:18% auto\"><figure class=\"wp-block-media-text__media\"><a href=\"https:\/\/eprofcor.com\/\" target=\"_blank\" rel=\"noopener\"><img decoding=\"async\" src=\"https:\/\/forestfireprotection.com\/de\/wp-content\/themes\/veen\/assets\/images\/transparent.gif\" data-lazy=\"true\" data-src=\"https:\/\/forestfireprotection.com\/wp-content\/uploads\/2021\/12\/EPROFCOR-LOGO-1024x447.png\" alt=\"\" class=\"wp-image-734 size-full\"\/><\/a><\/figure><div class=\"wp-block-media-text__content\">\n<p class=\"has-drop-cap\">Ovar Forma ist der Eigent\u00fcmer der Escola Profissional de Cortega\u00e7a, einer Berufsschule. Es zielt darauf ab, Lernen, Forschen und Bildung zu entwickeln, um<\/p>\n\n\n\n<ul class=\"wp-block-list\"><li>Beitrag zur Entwicklung der B\u00fcrger durch angemessene Vorbereitung auf das aktive Berufsleben;<\/li><\/ul>\n\n\n\n<ul class=\"wp-block-list\"><li>F\u00f6rderung des Ansatzes zwischen Schulen und Unternehmen;<\/li><li>regionale Lernbed\u00fcrfnisse analysieren;<\/li><li>F\u00f6rderung von Lernangeboten und Kooperation mit den in- und ausl\u00e4ndischen Institutionen bei der Entwicklung der Berufsbildung.<\/li><\/ul>\n\n\n\n<p>Nach und nach wurde die von der Institution vermittelte Berufsqualifikation zu einem wichtigen Mittel, um sich dem wettbewerbsorientierten Markt zu stellen, der nach qualifizierteren Arbeitskr\u00e4ften verlangt. Diese Institution bietet die Antwort auf diesen neuen Bedarf und erm\u00f6glicht den Studierenden eine bessere und berufsorientiertere Qualifikation.<\/p>\n\n\n\n<p><a href=\"https:\/\/eprofcor.com\/\" target=\"_blank\" rel=\"noreferrer noopener nofollow\">Web<\/a> &#8211; <a href=\"https:\/\/www.facebook.com\/escolaprofissionaldecortegaca\/\" target=\"_blank\" rel=\"noreferrer noopener nofollow\">Facebook<\/a> &#8211; <a href=\"https:\/\/www.instagram.com\/instaeprofcor\/\" target=\"_blank\" rel=\"noreferrer noopener nofollow\">Instagram<\/a><\/p>\n<\/div><\/div>\n\n\n\n<div class=\"wp-block-media-text alignwide is-stacked-on-mobile\" style=\"grid-template-columns:18% auto\"><figure class=\"wp-block-media-text__media\"><a href=\"https:\/\/cesie.org\/en\/\" target=\"_blank\" rel=\"noopener\"><img decoding=\"async\" src=\"https:\/\/forestfireprotection.com\/de\/wp-content\/themes\/veen\/assets\/images\/transparent.gif\" data-lazy=\"true\" data-src=\"https:\/\/forestfireprotection.com\/wp-content\/uploads\/2021\/12\/cesie-logo-trasparent-vertical-RGB.png\" alt=\"\" class=\"wp-image-738 size-full\"\/><\/a><\/figure><div class=\"wp-block-media-text__content\">\n<p class=\"has-drop-cap\">CESIE ist eine 2001 gegr\u00fcndete Nichtregierungsorganisation, inspiriert von der Arbeit und den Theorien des italienischen Soziologen Danilo Dolci (1924-1997). CESIE tr\u00e4gt durch die Umsetzung von Projekten zu verschiedenen Themenbereichen zur aktiven Beteiligung von Menschen, Zivilgesellschaften und Institutionen bei, um die<\/p>\n\n\n\n<p>F\u00f6rderung von Wachstum und Entwicklung, wobei die Vielfalt stets im Hinblick auf Ethik und menschliche Entwicklung wertgesch\u00e4tzt wird.<\/p>\n\n\n\n<p>Als Europ\u00e4isches Zentrum f\u00fcr Studien und Initiativen hat sich die Organisation der F\u00f6rderung von Forschung und Entwicklung verschrieben, um zukunftsorientierte Innovationsprozesse im Bildungs-, Sozial-, Wirtschafts- und Kulturbereich zu f\u00f6rdern und zu verbessern heterogene Bereiche und Branchen.<\/p>\n\n\n\n<p>Unsere Mission ist es, Wachstum durch innovative und partizipative Bildungsans\u00e4tze zu f\u00f6rdern. Um die Mission zu erf\u00fcllen, verfolgt CESIE die folgenden Ziele:<\/p>\n\n\n\n<ul class=\"wp-block-list\"><li>Verbesserung der lebenslangen Bildung in Europa durch transnationale Projekte, an denen lokale Gemeinschaften beteiligt sind<\/li><li>F\u00f6rderung einer nachhaltigen Entwicklung der Nachbarregionen und dar\u00fcber hinaus durch Aus- und Weiterbildung<\/li><li>F\u00f6rderung von Fortschritt und Innovation in Hochschulbildung und Forschung<\/li><li>F\u00f6rderung der Lernmobilit\u00e4t f\u00fcr Menschen jeden Alters, \u00fcber Grenzen und Sektoren hinweg<\/li><li>Stimulierung des lokalen Wachstums durch die Anpassung internationaler bew\u00e4hrter Praktiken und Methoden<\/li><\/ul>\n\n\n\n<p><a href=\"https:\/\/cesie.org\/en\/\" target=\"_blank\" rel=\"noreferrer noopener nofollow\">Web<\/a> &#8211; <a href=\"https:\/\/www.facebook.com\/cesie.ngo\/\" target=\"_blank\" rel=\"noreferrer noopener nofollow\">Facebook<\/a> &#8211; <a href=\"https:\/\/twitter.com\/cesieong\" target=\"_blank\" rel=\"noreferrer noopener nofollow\">Twitter<\/a> &#8211; <a href=\"https:\/\/www.instagram.com\/cesie.ngo\" target=\"_blank\" rel=\"noreferrer noopener nofollow\">Instagram<\/a> &#8211; <a href=\"https:\/\/www.youtube.com\/channel\/UCjcQpd8tm-wHmhYwg--8Arw\" target=\"_blank\" rel=\"noreferrer noopener nofollow\">Youtube<\/a> &#8211; <a href=\"https:\/\/www.linkedin.com\/company\/cesie\/mycompany\/\" target=\"_blank\" rel=\"noreferrer noopener nofollow\">LinkedIn<\/a><\/p>\n<\/div><\/div>\n\n\n\n<div class=\"wp-block-media-text alignwide is-stacked-on-mobile\"><figure class=\"wp-block-media-text__media\"><img decoding=\"async\" width=\"1024\" height=\"215\" src=\"https:\/\/forestfireprotection.com\/de\/wp-content\/themes\/veen\/assets\/images\/transparent.gif\" data-lazy=\"true\" data-src=\"https:\/\/forestfireprotection.com\/de\/wp-content\/uploads\/2022\/02\/DE-Kofinanziert-von-der-Europ\u201eischen-Union_POS-1024x215.png\" alt=\"\" class=\"wp-image-935 size-full\" data-srcset=\"https:\/\/forestfireprotection.com\/de\/wp-content\/uploads\/2022\/02\/DE-Kofinanziert-von-der-Europ\u201eischen-Union_POS-1024x215.png 1024w, https:\/\/forestfireprotection.com\/de\/wp-content\/uploads\/2022\/02\/DE-Kofinanziert-von-der-Europ\u201eischen-Union_POS-300x63.png 300w, https:\/\/forestfireprotection.com\/de\/wp-content\/uploads\/2022\/02\/DE-Kofinanziert-von-der-Europ\u201eischen-Union_POS-768x161.png 768w, https:\/\/forestfireprotection.com\/de\/wp-content\/uploads\/2022\/02\/DE-Kofinanziert-von-der-Europ\u201eischen-Union_POS-1536x322.png 1536w, https:\/\/forestfireprotection.com\/de\/wp-content\/uploads\/2022\/02\/DE-Kofinanziert-von-der-Europ\u201eischen-Union_POS-2048x430.png 2048w, https:\/\/forestfireprotection.com\/de\/wp-content\/uploads\/2022\/02\/DE-Kofinanziert-von-der-Europ\u201eischen-Union_POS-100x21.png 100w, https:\/\/forestfireprotection.com\/de\/wp-content\/uploads\/2022\/02\/DE-Kofinanziert-von-der-Europ\u201eischen-Union_POS-700x147.png 700w, https:\/\/forestfireprotection.com\/de\/wp-content\/uploads\/2022\/02\/DE-Kofinanziert-von-der-Europ\u201eischen-Union_POS-1600x336.png 1600w\" data-sizes=\"(max-width: 1024px) 100vw, 1024px\" \/><\/figure><div class=\"wp-block-media-text__content\">\n<blockquote class=\"wp-block-quote is-layout-flow wp-block-quote-is-layout-flow\"><p>Die Unterst\u00fctzung der Europ\u00e4ischen Kommission f\u00fcr die Erstellung dieses Inhalts stellt keine Billigung des Inhalts dar, der ausschlie\u00dflich die Meinung der Autoren wiedergibt, und die Kommission kann nicht f\u00fcr die Verwendung der darin enthaltenen Informationen verantwortlich gemacht werden.<\/p><cite><a href=\"https:\/\/erasmus-plus.ec.europa.eu\/\" target=\"_blank\" rel=\"noreferrer noopener\">Erasmus+<\/a><\/cite><\/blockquote>\n<\/div><\/div>\n","protected":false},"excerpt":{"rendered":"<p>Hier sind die Partner des Eramus+ Projektes \u201eTraining for self-protection against forest fires in rural areas\u201d mit der Projektnummer 2021-1-DE02-KA220-ADU-000028430. L4Y Learning For Youth arbeitet&#8230;<\/p>\n","protected":false},"author":1,"featured_media":0,"parent":0,"menu_order":0,"comment_status":"closed","ping_status":"closed","template":"page-templates\/page-fullwidth.php","meta":{"footnotes":""},"class_list":["post-597","page","type-page","status-publish","hentry"],"yoast_head":"<!-- This site is optimized with the Yoast SEO plugin v22.3 - https:\/\/yoast.com\/wordpress\/plugins\/seo\/ -->\n<title>Partner - Waldbrandschutz<\/title>\n<meta name=\"robots\" content=\"index, follow, max-snippet:-1, max-image-preview:large, max-video-preview:-1\" \/>\n<link rel=\"canonical\" href=\"https:\/\/forestfireprotection.com\/de\/partner\/\" \/>\n<meta property=\"og:locale\" content=\"de_DE\" \/>\n<meta property=\"og:type\" content=\"article\" \/>\n<meta property=\"og:title\" content=\"Partner - Waldbrandschutz\" \/>\n<meta property=\"og:description\" content=\"Hier sind die Partner des Eramus+ Projektes \u201eTraining for self-protection against forest fires in rural areas\u201d mit der Projektnummer 2021-1-DE02-KA220-ADU-000028430. L4Y Learning For Youth arbeitet...\" \/>\n<meta property=\"og:url\" content=\"https:\/\/forestfireprotection.com\/de\/partner\/\" \/>\n<meta property=\"og:site_name\" content=\"Waldbrandschutz\" \/>\n<meta property=\"article:modified_time\" content=\"2022-02-14T19:47:54+00:00\" \/>\n<meta property=\"og:image\" content=\"https:\/\/forestfireprotection.com\/wp-content\/uploads\/2021\/11\/L4YBlack.png\" \/>\n<meta name=\"twitter:card\" content=\"summary_large_image\" \/>\n<meta name=\"twitter:label1\" content=\"Gesch\u00e4tzte Lesezeit\" \/>\n\t<meta name=\"twitter:data1\" content=\"8\u00a0Minuten\" \/>\n<script type=\"application\/ld+json\" class=\"yoast-schema-graph\">{\"@context\":\"https:\/\/schema.org\",\"@graph\":[{\"@type\":\"WebPage\",\"@id\":\"https:\/\/forestfireprotection.com\/de\/partner\/\",\"url\":\"https:\/\/forestfireprotection.com\/de\/partner\/\",\"name\":\"Partner - Waldbrandschutz\",\"isPartOf\":{\"@id\":\"https:\/\/forestfireprotection.com\/de\/#website\"},\"primaryImageOfPage\":{\"@id\":\"https:\/\/forestfireprotection.com\/de\/partner\/#primaryimage\"},\"image\":{\"@id\":\"https:\/\/forestfireprotection.com\/de\/partner\/#primaryimage\"},\"thumbnailUrl\":\"https:\/\/forestfireprotection.com\/wp-content\/uploads\/2021\/11\/L4YBlack.png\",\"datePublished\":\"2021-11-27T12:58:21+00:00\",\"dateModified\":\"2022-02-14T19:47:54+00:00\",\"breadcrumb\":{\"@id\":\"https:\/\/forestfireprotection.com\/de\/partner\/#breadcrumb\"},\"inLanguage\":\"de\",\"potentialAction\":[{\"@type\":\"ReadAction\",\"target\":[\"https:\/\/forestfireprotection.com\/de\/partner\/\"]}]},{\"@type\":\"ImageObject\",\"inLanguage\":\"de\",\"@id\":\"https:\/\/forestfireprotection.com\/de\/partner\/#primaryimage\",\"url\":\"https:\/\/forestfireprotection.com\/wp-content\/uploads\/2021\/11\/L4YBlack.png\",\"contentUrl\":\"https:\/\/forestfireprotection.com\/wp-content\/uploads\/2021\/11\/L4YBlack.png\"},{\"@type\":\"BreadcrumbList\",\"@id\":\"https:\/\/forestfireprotection.com\/de\/partner\/#breadcrumb\",\"itemListElement\":[{\"@type\":\"ListItem\",\"position\":1,\"name\":\"Home\",\"item\":\"https:\/\/forestfireprotection.com\/de\/\"},{\"@type\":\"ListItem\",\"position\":2,\"name\":\"Partner\"}]},{\"@type\":\"WebSite\",\"@id\":\"https:\/\/forestfireprotection.com\/de\/#website\",\"url\":\"https:\/\/forestfireprotection.com\/de\/\",\"name\":\"Waldbrandschutz\",\"description\":\"Waldbrandschutz: Selbstschutz gegen Waldbr\u00e4nde\",\"potentialAction\":[{\"@type\":\"SearchAction\",\"target\":{\"@type\":\"EntryPoint\",\"urlTemplate\":\"https:\/\/forestfireprotection.com\/de\/?s={search_term_string}\"},\"query-input\":\"required name=search_term_string\"}],\"inLanguage\":\"de\"}]}<\/script>\n<!-- \/ Yoast SEO plugin. -->","yoast_head_json":{"title":"Partner - Waldbrandschutz","robots":{"index":"index","follow":"follow","max-snippet":"max-snippet:-1","max-image-preview":"max-image-preview:large","max-video-preview":"max-video-preview:-1"},"canonical":"https:\/\/forestfireprotection.com\/de\/partner\/","og_locale":"de_DE","og_type":"article","og_title":"Partner - Waldbrandschutz","og_description":"Hier sind die Partner des Eramus+ Projektes \u201eTraining for self-protection against forest fires in rural areas\u201d mit der Projektnummer 2021-1-DE02-KA220-ADU-000028430. L4Y Learning For Youth arbeitet...","og_url":"https:\/\/forestfireprotection.com\/de\/partner\/","og_site_name":"Waldbrandschutz","article_modified_time":"2022-02-14T19:47:54+00:00","og_image":[{"url":"https:\/\/forestfireprotection.com\/wp-content\/uploads\/2021\/11\/L4YBlack.png"}],"twitter_card":"summary_large_image","twitter_misc":{"Gesch\u00e4tzte Lesezeit":"8\u00a0Minuten"},"schema":{"@context":"https:\/\/schema.org","@graph":[{"@type":"WebPage","@id":"https:\/\/forestfireprotection.com\/de\/partner\/","url":"https:\/\/forestfireprotection.com\/de\/partner\/","name":"Partner - Waldbrandschutz","isPartOf":{"@id":"https:\/\/forestfireprotection.com\/de\/#website"},"primaryImageOfPage":{"@id":"https:\/\/forestfireprotection.com\/de\/partner\/#primaryimage"},"image":{"@id":"https:\/\/forestfireprotection.com\/de\/partner\/#primaryimage"},"thumbnailUrl":"https:\/\/forestfireprotection.com\/wp-content\/uploads\/2021\/11\/L4YBlack.png","datePublished":"2021-11-27T12:58:21+00:00","dateModified":"2022-02-14T19:47:54+00:00","breadcrumb":{"@id":"https:\/\/forestfireprotection.com\/de\/partner\/#breadcrumb"},"inLanguage":"de","potentialAction":[{"@type":"ReadAction","target":["https:\/\/forestfireprotection.com\/de\/partner\/"]}]},{"@type":"ImageObject","inLanguage":"de","@id":"https:\/\/forestfireprotection.com\/de\/partner\/#primaryimage","url":"https:\/\/forestfireprotection.com\/wp-content\/uploads\/2021\/11\/L4YBlack.png","contentUrl":"https:\/\/forestfireprotection.com\/wp-content\/uploads\/2021\/11\/L4YBlack.png"},{"@type":"BreadcrumbList","@id":"https:\/\/forestfireprotection.com\/de\/partner\/#breadcrumb","itemListElement":[{"@type":"ListItem","position":1,"name":"Home","item":"https:\/\/forestfireprotection.com\/de\/"},{"@type":"ListItem","position":2,"name":"Partner"}]},{"@type":"WebSite","@id":"https:\/\/forestfireprotection.com\/de\/#website","url":"https:\/\/forestfireprotection.com\/de\/","name":"Waldbrandschutz","description":"Waldbrandschutz: Selbstschutz gegen Waldbr\u00e4nde","potentialAction":[{"@type":"SearchAction","target":{"@type":"EntryPoint","urlTemplate":"https:\/\/forestfireprotection.com\/de\/?s={search_term_string}"},"query-input":"required name=search_term_string"}],"inLanguage":"de"}]}},"_links":{"self":[{"href":"https:\/\/forestfireprotection.com\/de\/wp-json\/wp\/v2\/pages\/597","targetHints":{"allow":["GET"]}}],"collection":[{"href":"https:\/\/forestfireprotection.com\/de\/wp-json\/wp\/v2\/pages"}],"about":[{"href":"https:\/\/forestfireprotection.com\/de\/wp-json\/wp\/v2\/types\/page"}],"author":[{"embeddable":true,"href":"https:\/\/forestfireprotection.com\/de\/wp-json\/wp\/v2\/users\/1"}],"replies":[{"embeddable":true,"href":"https:\/\/forestfireprotection.com\/de\/wp-json\/wp\/v2\/comments?post=597"}],"version-history":[{"count":3,"href":"https:\/\/forestfireprotection.com\/de\/wp-json\/wp\/v2\/pages\/597\/revisions"}],"predecessor-version":[{"id":939,"href":"https:\/\/forestfireprotection.com\/de\/wp-json\/wp\/v2\/pages\/597\/revisions\/939"}],"wp:attachment":[{"href":"https:\/\/forestfireprotection.com\/de\/wp-json\/wp\/v2\/media?parent=597"}],"curies":[{"name":"wp","href":"https:\/\/api.w.org\/{rel}","templated":true}]}}